{"id":9670,"date":"2022-08-03T17:45:57","date_gmt":"2022-08-03T17:45:57","guid":{"rendered":"https:\/\/www.recircle.ch\/membre-du-ca-jeannette-morath\/"},"modified":"2025-08-07T14:42:38","modified_gmt":"2025-08-07T14:42:38","slug":"membre-du-ca-jeannette-morath","status":"publish","type":"page","link":"https:\/\/www.recircle.ch\/fr\/membre-du-ca-jeannette-morath\/","title":{"rendered":"MEMBRE DU CA &#8211; JEANNETTE MORATH"},"content":{"rendered":"<div class=\"wpb-content-wrapper\"><p>[vc_row full_width=\u00a0\u00bbstretch_row\u00a0\u00bb full_height=\u00a0\u00bbyes\u00a0\u00bb css=\u00a0\u00bb.vc_custom_1655384404403{padding-top: 100px !important;padding-bottom: 160px !important;background-color: #ffffff !important;}\u00a0\u00bb][vc_column][vc_column_text]<\/p>\n<h2>JEANNETTE MORATH<\/h2>\n<p>[\/vc_column_text][vc_row_inner][vc_column_inner width=\u00a0\u00bb1\/2&Prime;][vc_single_image image=\u00a0\u00bb9357&Prime; img_size=\u00a0\u00bblarge\u00a0\u00bb style=\u00a0\u00bbvc_box_circle_2&Prime;][\/vc_column_inner][vc_column_inner width=\u00a0\u00bb1\/2&Prime;][vc_column_text css=\u00a0\u00bb\u00a0\u00bb el_class=\u00a0\u00bbteamcontent\u00a0\u00bb]<em>\u00ab\u00a0Pourquoi emballer les bonnes et belles choses de mani\u00e8re anti\u00e9cologique ? Le d\u00e9veloppement des emballages recyclables doit maintenant \u00eatre encourag\u00e9. Nous commen\u00e7ons par l&#8217;emballage des aliments et des boissons, mais nous voyons notre mod\u00e8le commercial dans de nombreux autres secteurs!\u00a0\u00bb<\/em><\/p>\n<p><strong>Gestion d&rsquo;entreprise, marketing, ressources humaines<\/strong><\/p>\n<p><strong>Formation:<\/strong> Planificateur marketing SAWI, Master en ing\u00e9nierie et gestion de l&rsquo;environnement, FHNW, Sciences de la vie.<\/p>\n<p><strong>Exp\u00e9rience professionelle:<\/strong> Ma vie professionnelle a commenc\u00e9 dans l&rsquo;industrie h\u00f4teli\u00e8re et touristique o\u00f9 j&rsquo;ai occup\u00e9 diff\u00e9rents postes en Allemagne et \u00e0 l&rsquo;\u00e9tranger. Pendant ce temps, j&rsquo;ai r\u00e9alis\u00e9 que l&#8217;emballage doit changer quelque chose &#8211; seulement quoi, je ne l&rsquo;avais pas encore r\u00e9alis\u00e9. De retour en Suisse, j&rsquo;ai longtemps travaill\u00e9 comme responsable d&rsquo;\u00e9v\u00e9nements, planificateur de salons et, apr\u00e8s ma formation en marketing, \u00e9galement dans le domaine du marketing et de la communication. Dans le cadre de mon travail \u00e0 l&rsquo;Entsorgung + Recycling Stadt Bern, o\u00f9 j&rsquo;\u00e9tais autoris\u00e9 \u00e0 donner des conseils sur les emballages r\u00e9utilisables aux organisateurs, je suis entr\u00e9 en contact avec les emballages r\u00e9utilisables. D\u00e8s lors, la voie \u00e9tait libre pour moi et j&rsquo;ai fond\u00e9 reCIRCLE.[\/vc_column_text][\/vc_column_inner][\/vc_row_inner][\/vc_column][\/vc_row]<\/p>\n<\/div>","protected":false},"excerpt":{"rendered":"<p>[vc_row full_width=\u00a0\u00bbstretch_row\u00a0\u00bb full_height=\u00a0\u00bbyes\u00a0\u00bb css=\u00a0\u00bb.vc_custom_1655384404403{padding-top: 100px !important;padding-bottom: 160px !important;background-color: #ffffff !important;}\u00a0\u00bb][vc_column][vc_column_text] JEANNETTE MORATH [\/vc_column_text][vc_row_inner][vc_column_inner width=\u00a0\u00bb1\/2&Prime;][vc_single_image image=\u00a0\u00bb9357&Prime; img_size=\u00a0\u00bblarge\u00a0\u00bb style=\u00a0\u00bbvc_box_circle_2&Prime;][\/vc_column_inner][vc_column_inner width=\u00a0\u00bb1\/2&Prime;][vc_column_text css=\u00a0\u00bb\u00a0\u00bb el_class=\u00a0\u00bbteamcontent\u00a0\u00bb]\u00ab\u00a0Pourquoi emballer les bonnes et belles choses de mani\u00e8re anti\u00e9cologique ? Le d\u00e9veloppement des emballages recyclables doit maintenant \u00eatre encourag\u00e9. Nous commen\u00e7ons par l&#8217;emballage des aliments et des boissons, mais nous voyons notre mod\u00e8le commercial dans [&hellip;]<\/p>\n","protected":false},"author":4,"featured_media":0,"parent":0,"menu_order":0,"comment_status":"closed","ping_status":"closed","template":"","meta":{"_acf_changed":false,"content-type":"","footnotes":""},"class_list":["post-9670","page","type-page","status-publish","hentry"],"acf":[],"yoast_head":"<!-- This site is optimized with the Yoast SEO plugin v27.3 - https:\/\/yoast.com\/product\/yoast-seo-wordpress\/ -->\n<title>MEMBRE DU CA - JEANNETTE MORATH - reCIRCLE<\/title>\n<meta name=\"robots\" content=\"index, follow, max-snippet:-1, max-image-preview:large, max-video-preview:-1\" \/>\n<link rel=\"canonical\" href=\"https:\/\/www.recircle.ch\/fr\/membre-du-ca-jeannette-morath\/\" \/>\n<meta property=\"og:locale\" content=\"fr_FR\" \/>\n<meta property=\"og:type\" content=\"article\" \/>\n<meta property=\"og:title\" content=\"MEMBRE DU CA - JEANNETTE MORATH - reCIRCLE\" \/>\n<meta property=\"og:description\" content=\"[vc_row full_width=\u00a0\u00bbstretch_row\u00a0\u00bb full_height=\u00a0\u00bbyes\u00a0\u00bb css=\u00a0\u00bb.vc_custom_1655384404403{padding-top: 100px !important;padding-bottom: 160px !important;background-color: #ffffff !important;}\u00a0\u00bb][vc_column][vc_column_text] JEANNETTE MORATH [\/vc_column_text][vc_row_inner][vc_column_inner width=\u00a0\u00bb1\/2&Prime;][vc_single_image image=\u00a0\u00bb9357&Prime; img_size=\u00a0\u00bblarge\u00a0\u00bb style=\u00a0\u00bbvc_box_circle_2&Prime;][\/vc_column_inner][vc_column_inner width=\u00a0\u00bb1\/2&Prime;][vc_column_text css=\u00a0\u00bb\u00a0\u00bb el_class=\u00a0\u00bbteamcontent\u00a0\u00bb]\u00ab\u00a0Pourquoi emballer les bonnes et belles choses de mani\u00e8re anti\u00e9cologique ? Le d\u00e9veloppement des emballages recyclables doit maintenant \u00eatre encourag\u00e9. Nous commen\u00e7ons par l&#8217;emballage des aliments et des boissons, mais nous voyons notre mod\u00e8le commercial dans [&hellip;]\" \/>\n<meta property=\"og:url\" content=\"https:\/\/www.recircle.ch\/fr\/membre-du-ca-jeannette-morath\/\" \/>\n<meta property=\"og:site_name\" content=\"reCIRCLE\" \/>\n<meta property=\"article:publisher\" content=\"https:\/\/www.facebook.com\/reCIRCLEnow\/\" \/>\n<meta property=\"article:modified_time\" content=\"2025-08-07T14:42:38+00:00\" \/>\n<meta property=\"og:image\" content=\"https:\/\/www.recircle.ch\/wp-content\/uploads\/2022\/11\/reCIRCLE_Tavolata-1-scaled.jpg\" \/>\n\t<meta property=\"og:image:width\" content=\"2350\" \/>\n\t<meta property=\"og:image:height\" content=\"1519\" \/>\n\t<meta property=\"og:image:type\" content=\"image\/jpeg\" \/>\n<meta name=\"twitter:card\" content=\"summary_large_image\" \/>\n<meta name=\"twitter:label1\" content=\"Dur\u00e9e de lecture estim\u00e9e\" \/>\n\t<meta name=\"twitter:data1\" content=\"2 minutes\" \/>\n<script type=\"application\/ld+json\" class=\"yoast-schema-graph\">{\"@context\":\"https:\\\/\\\/schema.org\",\"@graph\":[{\"@type\":\"WebPage\",\"@id\":\"https:\\\/\\\/www.recircle.ch\\\/fr\\\/membre-du-ca-jeannette-morath\\\/\",\"url\":\"https:\\\/\\\/www.recircle.ch\\\/fr\\\/membre-du-ca-jeannette-morath\\\/\",\"name\":\"MEMBRE DU CA - JEANNETTE MORATH - reCIRCLE\",\"isPartOf\":{\"@id\":\"https:\\\/\\\/www.recircle.ch\\\/#website\"},\"datePublished\":\"2022-08-03T17:45:57+00:00\",\"dateModified\":\"2025-08-07T14:42:38+00:00\",\"breadcrumb\":{\"@id\":\"https:\\\/\\\/www.recircle.ch\\\/fr\\\/membre-du-ca-jeannette-morath\\\/#breadcrumb\"},\"inLanguage\":\"fr-FR\",\"potentialAction\":[{\"@type\":\"ReadAction\",\"target\":[\"https:\\\/\\\/www.recircle.ch\\\/fr\\\/membre-du-ca-jeannette-morath\\\/\"]}]},{\"@type\":\"BreadcrumbList\",\"@id\":\"https:\\\/\\\/www.recircle.ch\\\/fr\\\/membre-du-ca-jeannette-morath\\\/#breadcrumb\",\"itemListElement\":[{\"@type\":\"ListItem\",\"position\":1,\"name\":\"Home\",\"item\":\"https:\\\/\\\/www.recircle.ch\\\/fr\\\/\"},{\"@type\":\"ListItem\",\"position\":2,\"name\":\"MEMBRE DU CA &#8211; JEANNETTE MORATH\"}]},{\"@type\":\"WebSite\",\"@id\":\"https:\\\/\\\/www.recircle.ch\\\/#website\",\"url\":\"https:\\\/\\\/www.recircle.ch\\\/\",\"name\":\"reCIRCLE\",\"description\":\"We love to reUSE!\",\"publisher\":{\"@id\":\"https:\\\/\\\/www.recircle.ch\\\/#organization\"},\"potentialAction\":[{\"@type\":\"SearchAction\",\"target\":{\"@type\":\"EntryPoint\",\"urlTemplate\":\"https:\\\/\\\/www.recircle.ch\\\/?s={search_term_string}\"},\"query-input\":{\"@type\":\"PropertyValueSpecification\",\"valueRequired\":true,\"valueName\":\"search_term_string\"}}],\"inLanguage\":\"fr-FR\"},{\"@type\":\"Organization\",\"@id\":\"https:\\\/\\\/www.recircle.ch\\\/#organization\",\"name\":\"reCIRCLE\",\"url\":\"https:\\\/\\\/www.recircle.ch\\\/\",\"logo\":{\"@type\":\"ImageObject\",\"inLanguage\":\"fr-FR\",\"@id\":\"https:\\\/\\\/www.recircle.ch\\\/#\\\/schema\\\/logo\\\/image\\\/\",\"url\":\"https:\\\/\\\/www.recircle.ch\\\/wp-content\\\/uploads\\\/2024\\\/01\\\/RC_Logo_aubergine_20grad_RGB.jpg\",\"contentUrl\":\"https:\\\/\\\/www.recircle.ch\\\/wp-content\\\/uploads\\\/2024\\\/01\\\/RC_Logo_aubergine_20grad_RGB.jpg\",\"width\":2362,\"height\":2362,\"caption\":\"reCIRCLE\"},\"image\":{\"@id\":\"https:\\\/\\\/www.recircle.ch\\\/#\\\/schema\\\/logo\\\/image\\\/\"},\"sameAs\":[\"https:\\\/\\\/www.facebook.com\\\/reCIRCLEnow\\\/\",\"https:\\\/\\\/www.instagram.com\\\/recirclenow\\\/\"]}]}<\/script>\n<!-- \/ Yoast SEO plugin. -->","yoast_head_json":{"title":"MEMBRE DU CA - JEANNETTE MORATH - reCIRCLE","robots":{"index":"index","follow":"follow","max-snippet":"max-snippet:-1","max-image-preview":"max-image-preview:large","max-video-preview":"max-video-preview:-1"},"canonical":"https:\/\/www.recircle.ch\/fr\/membre-du-ca-jeannette-morath\/","og_locale":"fr_FR","og_type":"article","og_title":"MEMBRE DU CA - JEANNETTE MORATH - reCIRCLE","og_description":"[vc_row full_width=\u00a0\u00bbstretch_row\u00a0\u00bb full_height=\u00a0\u00bbyes\u00a0\u00bb css=\u00a0\u00bb.vc_custom_1655384404403{padding-top: 100px !important;padding-bottom: 160px !important;background-color: #ffffff !important;}\u00a0\u00bb][vc_column][vc_column_text] JEANNETTE MORATH [\/vc_column_text][vc_row_inner][vc_column_inner width=\u00a0\u00bb1\/2&Prime;][vc_single_image image=\u00a0\u00bb9357&Prime; img_size=\u00a0\u00bblarge\u00a0\u00bb style=\u00a0\u00bbvc_box_circle_2&Prime;][\/vc_column_inner][vc_column_inner width=\u00a0\u00bb1\/2&Prime;][vc_column_text css=\u00a0\u00bb\u00a0\u00bb el_class=\u00a0\u00bbteamcontent\u00a0\u00bb]\u00ab\u00a0Pourquoi emballer les bonnes et belles choses de mani\u00e8re anti\u00e9cologique ? Le d\u00e9veloppement des emballages recyclables doit maintenant \u00eatre encourag\u00e9. Nous commen\u00e7ons par l&#8217;emballage des aliments et des boissons, mais nous voyons notre mod\u00e8le commercial dans [&hellip;]","og_url":"https:\/\/www.recircle.ch\/fr\/membre-du-ca-jeannette-morath\/","og_site_name":"reCIRCLE","article_publisher":"https:\/\/www.facebook.com\/reCIRCLEnow\/","article_modified_time":"2025-08-07T14:42:38+00:00","og_image":[{"width":2350,"height":1519,"url":"https:\/\/www.recircle.ch\/wp-content\/uploads\/2022\/11\/reCIRCLE_Tavolata-1-scaled.jpg","type":"image\/jpeg"}],"twitter_card":"summary_large_image","twitter_misc":{"Dur\u00e9e de lecture estim\u00e9e":"2 minutes"},"schema":{"@context":"https:\/\/schema.org","@graph":[{"@type":"WebPage","@id":"https:\/\/www.recircle.ch\/fr\/membre-du-ca-jeannette-morath\/","url":"https:\/\/www.recircle.ch\/fr\/membre-du-ca-jeannette-morath\/","name":"MEMBRE DU CA - JEANNETTE MORATH - reCIRCLE","isPartOf":{"@id":"https:\/\/www.recircle.ch\/#website"},"datePublished":"2022-08-03T17:45:57+00:00","dateModified":"2025-08-07T14:42:38+00:00","breadcrumb":{"@id":"https:\/\/www.recircle.ch\/fr\/membre-du-ca-jeannette-morath\/#breadcrumb"},"inLanguage":"fr-FR","potentialAction":[{"@type":"ReadAction","target":["https:\/\/www.recircle.ch\/fr\/membre-du-ca-jeannette-morath\/"]}]},{"@type":"BreadcrumbList","@id":"https:\/\/www.recircle.ch\/fr\/membre-du-ca-jeannette-morath\/#breadcrumb","itemListElement":[{"@type":"ListItem","position":1,"name":"Home","item":"https:\/\/www.recircle.ch\/fr\/"},{"@type":"ListItem","position":2,"name":"MEMBRE DU CA &#8211; JEANNETTE MORATH"}]},{"@type":"WebSite","@id":"https:\/\/www.recircle.ch\/#website","url":"https:\/\/www.recircle.ch\/","name":"reCIRCLE","description":"We love to reUSE!","publisher":{"@id":"https:\/\/www.recircle.ch\/#organization"},"potentialAction":[{"@type":"SearchAction","target":{"@type":"EntryPoint","urlTemplate":"https:\/\/www.recircle.ch\/?s={search_term_string}"},"query-input":{"@type":"PropertyValueSpecification","valueRequired":true,"valueName":"search_term_string"}}],"inLanguage":"fr-FR"},{"@type":"Organization","@id":"https:\/\/www.recircle.ch\/#organization","name":"reCIRCLE","url":"https:\/\/www.recircle.ch\/","logo":{"@type":"ImageObject","inLanguage":"fr-FR","@id":"https:\/\/www.recircle.ch\/#\/schema\/logo\/image\/","url":"https:\/\/www.recircle.ch\/wp-content\/uploads\/2024\/01\/RC_Logo_aubergine_20grad_RGB.jpg","contentUrl":"https:\/\/www.recircle.ch\/wp-content\/uploads\/2024\/01\/RC_Logo_aubergine_20grad_RGB.jpg","width":2362,"height":2362,"caption":"reCIRCLE"},"image":{"@id":"https:\/\/www.recircle.ch\/#\/schema\/logo\/image\/"},"sameAs":["https:\/\/www.facebook.com\/reCIRCLEnow\/","https:\/\/www.instagram.com\/recirclenow\/"]}]}},"_links":{"self":[{"href":"https:\/\/www.recircle.ch\/fr\/wp-json\/wp\/v2\/pages\/9670","targetHints":{"allow":["GET"]}}],"collection":[{"href":"https:\/\/www.recircle.ch\/fr\/wp-json\/wp\/v2\/pages"}],"about":[{"href":"https:\/\/www.recircle.ch\/fr\/wp-json\/wp\/v2\/types\/page"}],"author":[{"embeddable":true,"href":"https:\/\/www.recircle.ch\/fr\/wp-json\/wp\/v2\/users\/4"}],"replies":[{"embeddable":true,"href":"https:\/\/www.recircle.ch\/fr\/wp-json\/wp\/v2\/comments?post=9670"}],"version-history":[{"count":2,"href":"https:\/\/www.recircle.ch\/fr\/wp-json\/wp\/v2\/pages\/9670\/revisions"}],"predecessor-version":[{"id":20567,"href":"https:\/\/www.recircle.ch\/fr\/wp-json\/wp\/v2\/pages\/9670\/revisions\/20567"}],"wp:attachment":[{"href":"https:\/\/www.recircle.ch\/fr\/wp-json\/wp\/v2\/media?parent=9670"}],"curies":[{"name":"wp","href":"https:\/\/api.w.org\/{rel}","templated":true}]}}